{"id":9990,"date":"2018-03-02T14:57:57","date_gmt":"2018-03-02T13:57:57","guid":{"rendered":"http:\/\/www.listephoenix.com\/?page_id=9990"},"modified":"2025-06-04T12:44:29","modified_gmt":"2025-06-04T11:44:29","slug":"riviera-gardens","status":"publish","type":"page","link":"http:\/\/www.listephoenix.com\/?page_id=9990","title":{"rendered":"7.Riviera Gardens"},"content":{"rendered":"\n<p><strong><strong><strong>CRP 2015-2024. Historique de la lutte int\u00e9gr\u00e9e (integrated pest management = IPM) contre les ravageurs des palmiers rhynchophorus ferrugineus &amp; paysandisia archon (french &amp; italian riviera).<\/strong><\/strong><\/strong>&nbsp;R\u00e9dacteur: Robert CASTELLANA. Statut: compte-rendu de recherches<strong>. Retour au dossier menaces:&nbsp;<\/strong><a href=\"http:\/\/www.listephoenix.com\/?page_id=7469\">Lien<\/a><\/p>\n\n\n\n<p><strong>Le r\u00e9seau franco-italien&nbsp;<em>Riviera Gardens<\/em>&nbsp;de jardins botaniques a vu le jour en 2015, \u00e0&nbsp;l\u2019initiative&nbsp;de Robert Castellana, dans le cadre du projet Phoenix. Il rassemble un important partenariat scientifique, institutionnel et associatif. Ses membres se r\u00e9unissent r\u00e9guli\u00e8rement depuis 2015 \u00e0 l\u2019invitation de la Direction de l\u2019Am\u00e9nagement Urbain (DAU) de la Principaut\u00e9 de Monaco et plus r\u00e9cemment de la Ville de Cannes. Avec 130 esp\u00e8ces et une trentaine de genres de palmiers, les jardins botaniques de cette r\u00e9gion repr\u00e9sentent en effet un conservatoire patrimonial exceptionnel. Ils t\u00e9moignent de l\u2019histoire de cinq si\u00e8cles d\u2019acclimatation d\u2019une plante qui a donn\u00e9 naissance \u00e0 des paysages embl\u00e9matiques. Ces paysages sont d\u00e9sormais&nbsp;menac\u00e9s, ainsi que leurs collections botaniques. Le r\u00e9seau&nbsp;<em>Riviera Gardens<\/em>&nbsp;vise \u00e0 soutenir les strat\u00e9gies de Lutte Int\u00e9gr\u00e9e (Integrated Pest Management = IPM), au travers de la mise en commun des expertises et des moyens de ses membres, notamment en mati\u00e8re de Recherche et de D\u00e9veloppement.<\/strong><\/p>\n\n\n\n<p><strong>SOMMAIRE<\/strong><\/p>\n\n\n\n<ol class=\"wp-block-list\">\n<li><strong>LES COLLECTIONS DE PALMIERS DU R\u00c9SEAU RIVIERA GARDENS<\/strong><\/li>\n\n\n\n<li><strong>SUIVI DES INFESTATIONS DES DIFF\u00c9RENTES ESP\u00c8CES DE PALMIERS<\/strong><\/li>\n\n\n\n<li><strong>Archive: COMPTE-RENDU DES R\u00c9UNIONS DU R\u00c9SEAU (2015-2024)<\/strong><\/li>\n<\/ol>\n\n\n\n<figure class=\"wp-block-image size-large\"><img loading=\"lazy\" decoding=\"async\" width=\"1024\" height=\"633\" src=\"http:\/\/www.listephoenix.com\/wp-content\/uploads\/2020\/08\/Logo-Riviera-Gardens-Network-1024x633.jpeg\" alt=\"\" class=\"wp-image-10954\" srcset=\"http:\/\/www.listephoenix.com\/wp-content\/uploads\/2020\/08\/Logo-Riviera-Gardens-Network-1024x633.jpeg 1024w, http:\/\/www.listephoenix.com\/wp-content\/uploads\/2020\/08\/Logo-Riviera-Gardens-Network-150x93.jpeg 150w, http:\/\/www.listephoenix.com\/wp-content\/uploads\/2020\/08\/Logo-Riviera-Gardens-Network-300x186.jpeg 300w, http:\/\/www.listephoenix.com\/wp-content\/uploads\/2020\/08\/Logo-Riviera-Gardens-Network-768x475.jpeg 768w, http:\/\/www.listephoenix.com\/wp-content\/uploads\/2020\/08\/Logo-Riviera-Gardens-Network.jpeg 1995w\" sizes=\"auto, (max-width: 1024px) 100vw, 1024px\" \/><\/figure>\n\n\n\n<p><strong>1. LES COLLECTIONS DE PALMIERS DU R\u00c9SEAU RIVIERA GARDENS<\/strong><\/p>\n\n\n\n<p><strong>*Jardins historiques de Bordighera<\/strong> (Brin, Garnier, Mariani &amp; Phoenix) : 14 genres \u2013 35 esp\u00e8ces<br><strong>*Giardini Botanici Hanbury<\/strong> (Ventimiglia \u2013 Universit\u00e0 di Genova) : 20 genres \u2013 35 esp\u00e8ces<br><strong>*Val Rahmeh<\/strong> (Menton \u2013 Museum National Histoire Naturelle) : 26 genres \u2013 80 esp\u00e8ces<br><strong>*Jardin Les C\u00e8dres <\/strong>(Saint Jean Cap Ferrat \u2013 priv\u00e9) : 130 esp\u00e8ces<br><strong>*Villa Thuret <\/strong>(Antibes \u2013 Institut National Recherche Agronomique) : 14 genres \u2013 35 esp\u00e8ces<br><strong>*Villa Caryota <\/strong>(Frejus \u2013 Soci\u00e9t\u00e9 Palmophile de France) : 24 genres \u2013 83 esp\u00e8ces<br><strong>*Palmeraies de Porquerolles et Port-Cros<\/strong> (Hy\u00e8res \u2013 Parc National) : 20 genres \u2013 30 esp\u00e8ces<\/p>\n\n\n\n<p><strong>En savoir plus sur les jardins botaniques de la C\u00f4te d&rsquo;Azur: <\/strong>CASTELLANA R. 2015. Les jardins de la Riviera. Une approche socio-botanique. France, CRP Ed. <strong><a href=\"http:\/\/www.listephoenix.com\/?page_id=7603\">Lien<\/a><\/strong><\/p>\n\n\n\n<figure class=\"wp-block-image size-large\"><img loading=\"lazy\" decoding=\"async\" width=\"1024\" height=\"632\" src=\"http:\/\/www.listephoenix.com\/wp-content\/uploads\/2021\/07\/carte-diffusion-phoenix-M.-Gros-Balthazard-1024x632.jpg\" alt=\"\" class=\"wp-image-11121\" srcset=\"http:\/\/www.listephoenix.com\/wp-content\/uploads\/2021\/07\/carte-diffusion-phoenix-M.-Gros-Balthazard-1024x632.jpg 1024w, http:\/\/www.listephoenix.com\/wp-content\/uploads\/2021\/07\/carte-diffusion-phoenix-M.-Gros-Balthazard-300x185.jpg 300w, http:\/\/www.listephoenix.com\/wp-content\/uploads\/2021\/07\/carte-diffusion-phoenix-M.-Gros-Balthazard-150x93.jpg 150w, http:\/\/www.listephoenix.com\/wp-content\/uploads\/2021\/07\/carte-diffusion-phoenix-M.-Gros-Balthazard-768x474.jpg 768w, http:\/\/www.listephoenix.com\/wp-content\/uploads\/2021\/07\/carte-diffusion-phoenix-M.-Gros-Balthazard.jpg 1360w\" sizes=\"auto, (max-width: 1024px) 100vw, 1024px\" \/><\/figure>\n\n\n\n<p>2. <strong>SUIVI DES INFESTATIONS DES DIFF\u00c9RENTES ESP\u00c8CES DE PALMIERS<\/strong>. Les menaces r\u00e9pertori\u00e9es \u00e0 ce jour concernent essentiellement les palmiers du genre Phoenix, mais aussi plusieurs vari\u00e9t\u00e9s ornementales pr\u00e9sentes dans les plantations littorales de la Riviera franco-italienne. <\/p>\n\n\n\n<p><strong><em>*Rhynchophorus ferrugineus<\/em><\/strong><strong>\u00a0(le charan\u00e7on rouge) est en train de s\u2019installer sur les palmiers suivants:<\/strong><em>*Phoenix canariensis, *Phoenix dactylifera, *Phoenix sylvestris, *Phoenix theophrasti, *Trachycarpus fortunei, *Chamaerops humilis, *Brahea armata, *Jubaea chilensis, *Livistona chinensis, *Sabal sp., *Syagrus romanzoffiana, *Howea forsteriana, *Washingtonia sp., *B. edulis<\/em><\/p>\n\n\n\n<p><strong><em>*Paysandisia archon<\/em><\/strong><strong>&nbsp;(le papillon palmivore) colonise de son c\u00f4t\u00e9 les esp\u00e8ces qui suivent:<\/strong><em>&nbsp;*Acoelorraphe wrightii *Arenga engleri *Brahea (<\/em>4 esp\u00e8ces:&nbsp;<em>aculeata, armata, dulcis, edulis) *Chamaerops humilis *Jubaea chilensis *Livistona (<\/em>4 esp\u00e8ces:&nbsp;<em>australis, chinensis, decora decipiens, saribus) *Nannorrohops arabica *Phoenix (<\/em>5 esp\u00e8ces :&nbsp;<em>dactylifera au niveau des rejets, reclinata, robellini, theophrasti) *Sabal (<\/em>4 esp\u00e8ces :<em>&nbsp;bermudana, mauritiiformis, minor, palmetto) *Serenao repens *Syagrus romanzoffiana *Trachycarpus sp *Trithrinax acanthocoma<\/em><\/p>\n\n\n\n<p><strong>Le suivi g\u00e9n\u00e9ral de l\u2019infestation de nos collections botaniques est disponible ici&nbsp;: <\/strong><a href=\"http:\/\/www.listephoenix.com\/?page_id=7467\">diversification<\/a><\/p>\n\n\n\n<p><strong>Le suivi de l\u2019infestation dans la palmeraie historique de Bordighera se trouve \u00e0 cette adresse:&nbsp;<\/strong><a href=\"http:\/\/www.listephoenix.com\/?page_id=12545\">Bordighera<\/a><\/p>\n\n\n\n<p><strong>Retour au sommaire&nbsp;: <\/strong><a href=\"http:\/\/www.listephoenix.com\/?page_id=7469\">menaces<\/a><\/p>\n\n\n\n<p><strong>3. Archive: COMPTE-RENDU DES R\u00c9UNIONS DU R\u00c9SEAU RIVIERA GARDENS (2015-2024)<\/strong><\/p>\n\n\n\n<figure class=\"wp-block-embed is-type-video is-provider-youtube wp-block-embed-youtube wp-embed-aspect-16-9 wp-has-aspect-ratio\"><div class=\"wp-block-embed__wrapper\">\n<iframe loading=\"lazy\" title=\"\u00bfQu\u00e9 le pas\u00f3 a las palmeras en la CDMX? - N+\" width=\"500\" height=\"281\" src=\"https:\/\/www.youtube.com\/embed\/GLSo8pOpGgk?feature=oembed\" frameborder=\"0\" allow=\"accelerometer; autoplay; clipboard-write; encrypted-media; gyroscope; picture-in-picture; web-share\" referrerpolicy=\"strict-origin-when-cross-origin\" allowfullscreen><\/iframe>\n<\/div><figcaption class=\"wp-element-caption\">Disparition en cours des palmiers ornementaux de la ville de Mexico<\/figcaption><\/figure>\n\n\n\n<p><strong><mark style=\"background-color:rgba(0, 0, 0, 0)\" class=\"has-inline-color has-vivid-red-color\">2023 \/ 2024<\/mark><\/strong><\/p>\n\n\n\n<p><strong><mark style=\"background-color:rgba(0, 0, 0, 0)\" class=\"has-inline-color has-vivid-red-color\">ACTUALIT\u00c9S DE LA LUTTE INT\u00c9GR\u00c9E (IPM) EN AM\u00c9RIQUE DU SUD.<\/mark><\/strong><\/p>\n\n\n\n<p>Les informations r\u00e9centes en provenance de la r\u00e9gion des Cara\u00efbes viennent confirmer l\u2019installation du charan\u00e7on rouge du palmier (Red Palm Weevil) dans la r\u00e9gion. Il s\u2019agit de l\u2019\u00eele franco-n\u00e9erlandaise de Saint Martin mais aussi du Mexique o\u00f9 les d\u00e9g\u00e2ts sont spectaculaires. Le ravageur est par ailleurs pr\u00e9sent de mani\u00e8re massive en Uruguay.<\/p>\n\n\n\n<p><a href=\"http:\/\/www.listephoenix.com\/?p=11962\">En savoir plus<\/a><\/p>\n\n\n\n<figure class=\"wp-block-image size-full\"><img loading=\"lazy\" decoding=\"async\" width=\"485\" height=\"729\" src=\"http:\/\/www.listephoenix.com\/wp-content\/uploads\/2024\/05\/affiche-Colloque-ravageurs-palmiers-.jpg\" alt=\"Red Palm Weevil Cannes 2022\" class=\"wp-image-12096\" srcset=\"http:\/\/www.listephoenix.com\/wp-content\/uploads\/2024\/05\/affiche-Colloque-ravageurs-palmiers-.jpg 485w, http:\/\/www.listephoenix.com\/wp-content\/uploads\/2024\/05\/affiche-Colloque-ravageurs-palmiers--200x300.jpg 200w, http:\/\/www.listephoenix.com\/wp-content\/uploads\/2024\/05\/affiche-Colloque-ravageurs-palmiers--100x150.jpg 100w\" sizes=\"auto, (max-width: 485px) 100vw, 485px\" \/><\/figure>\n\n\n\n<p><strong><mark style=\"background-color:rgba(0, 0, 0, 0)\" class=\"has-inline-color has-vivid-red-color\">2022<\/mark><\/strong><\/p>\n\n\n\n<p><strong><mark style=\"background-color:rgba(0, 0, 0, 0)\" class=\"has-inline-color has-vivid-red-color\">CANNES : RETOURS D&rsquo;EXP\u00c9RIENCES ET PERSPECTIVES DE LUTTE<\/mark><\/strong><\/p>\n\n\n\n<figure class=\"wp-block-embed is-type-video is-provider-youtube wp-block-embed-youtube wp-embed-aspect-16-9 wp-has-aspect-ratio\"><div class=\"wp-block-embed__wrapper\">\n<iframe loading=\"lazy\" title=\"Colloque sur les ravageurs des palmiers \u00e0 Cannes\" width=\"500\" height=\"281\" src=\"https:\/\/www.youtube.com\/embed\/KIT99nhtv08?feature=oembed\" frameborder=\"0\" allow=\"accelerometer; autoplay; clipboard-write; encrypted-media; gyroscope; picture-in-picture; web-share\" referrerpolicy=\"strict-origin-when-cross-origin\" allowfullscreen><\/iframe>\n<\/div><\/figure>\n\n\n\n<p><strong>Lire le compte-rendu :<\/strong> &nbsp;<a href=\"http:\/\/www.listephoenix.com\/?p=11288\" target=\"_blank\" rel=\"noreferrer noopener\">Cannes 2022<\/a><\/p>\n\n\n\n<p><strong><mark style=\"background-color:rgba(0, 0, 0, 0)\" class=\"has-inline-color has-vivid-red-color\">2021<\/mark><\/strong><\/p>\n\n\n\n<p><mark style=\"background-color:rgba(0, 0, 0, 0)\" class=\"has-inline-color has-vivid-red-color\"><strong>MONACO : RETOURS D&rsquo;EXP\u00c9RIENCES<\/strong> <strong>&amp; RECHERCHES EN COURS<\/strong><\/mark><\/p>\n\n\n\n<p>Synth\u00e8se de la situation phytosanitaire des palmiers sur la C\u00f4te d&rsquo;Azur franco-italienne \u00e0 la fin 2021. Si la pression parasitaire semble avoir fortement baiss\u00e9 dans une partie de la r\u00e9gion, des foyers d\u2019infestation importants demeurent sur de nombreuses communes du littoral. Deux options sont actuellement retenues en mati\u00e8re de lutte int\u00e9gr\u00e9e (Integrated Pest Management), la substitution et le bio-contr\u00f4le, en conformit\u00e9 avec les \u00e9volutions r\u00e9centes de la r\u00e9glementation.<\/p>\n\n\n\n<p><strong>Lire le compte-rendu&nbsp;:<\/strong> &nbsp;<a href=\"http:\/\/www.listephoenix.com\/?p=11276\" target=\"_blank\" rel=\"noreferrer noopener\">Monaco 2021<\/a><strong>&nbsp;<\/strong><\/p>\n\n\n\n<figure class=\"wp-block-image size-large\"><img loading=\"lazy\" decoding=\"async\" width=\"1024\" height=\"984\" src=\"http:\/\/www.listephoenix.com\/wp-content\/uploads\/2015\/11\/Principaute-de-Monaco-1024x984.png\" alt=\"Red palm weevil Monaco\" class=\"wp-image-8540\" srcset=\"http:\/\/www.listephoenix.com\/wp-content\/uploads\/2015\/11\/Principaute-de-Monaco.png 1024w, http:\/\/www.listephoenix.com\/wp-content\/uploads\/2015\/11\/Principaute-de-Monaco-150x144.png 150w, http:\/\/www.listephoenix.com\/wp-content\/uploads\/2015\/11\/Principaute-de-Monaco-300x288.png 300w, http:\/\/www.listephoenix.com\/wp-content\/uploads\/2015\/11\/Principaute-de-Monaco-768x738.png 768w\" sizes=\"auto, (max-width: 1024px) 100vw, 1024px\" \/><\/figure>\n\n\n\n<p><strong><mark style=\"background-color:rgba(0, 0, 0, 0)\" class=\"has-inline-color has-vivid-red-color\">2020<\/mark><\/strong><\/p>\n\n\n\n<p><strong><mark style=\"background-color:rgba(0, 0, 0, 0)\" class=\"has-inline-color has-vivid-red-color\">MONACO : BILAN DU R\u00c9SEAU FRANCO-ITALO-MONEGASQUE DE JARDINS BOTANIQUES ET D\u2019ECHANGE D\u2019EXPERIENCES<\/mark><\/strong><\/p>\n\n\n\n<p><strong>1. Compte-rendu de la situation phyto-sanitaire en Principaut\u00e9 de Monaco et sur la Riviera franco-italienne<\/strong><\/p>\n\n\n\n<p><strong>2. Focus sur les initiatives de substitution des esp\u00e8ces \u00e0 risque par l\u2019Inrae la Fredon Corse, la Principaut\u00e9 de Monaco et la Casa.<\/strong><\/p>\n\n\n\n<p><strong>3. Extraits des retours d\u2019exp\u00e9rience re\u00e7us \u00e0 ce jour de nos partenaires<\/strong><\/p>\n\n\n\n<p><strong>Lire le compte-rendu&nbsp;:<\/strong> &nbsp;<a href=\"http:\/\/www.listephoenix.com\/?p=11259\" target=\"_blank\" rel=\"noreferrer noopener\">Monaco 2020<\/a><strong>&nbsp;<\/strong><\/p>\n\n\n\n<figure class=\"wp-block-embed is-type-video is-provider-youtube wp-block-embed-youtube wp-embed-aspect-16-9 wp-has-aspect-ratio\"><div class=\"wp-block-embed__wrapper\">\n<iframe loading=\"lazy\" title=\"Environnement: La pr\u00e9servation des palmiers\" width=\"500\" height=\"281\" src=\"https:\/\/www.youtube.com\/embed\/6ULl8soAP8U?feature=oembed\" frameborder=\"0\" allow=\"accelerometer; autoplay; clipboard-write; encrypted-media; gyroscope; picture-in-picture; web-share\" referrerpolicy=\"strict-origin-when-cross-origin\" allowfullscreen><\/iframe>\n<\/div><\/figure>\n\n\n\n<p><strong><mark style=\"background-color:rgba(0, 0, 0, 0)\" class=\"has-inline-color has-vivid-red-color\">2019<\/mark><\/strong><\/p>\n\n\n\n<p><mark style=\"background-color:rgba(0, 0, 0, 0)\" class=\"has-inline-color has-vivid-red-color\"><strong>MONACO <\/strong>: <strong>POINT D&rsquo;\u00c9TAPE<\/strong> <strong>SUR LES STRAT\u00c9GIES DE LUTTE EN COURS<\/strong><\/mark><\/p>\n\n\n\n<h5 class=\"wp-block-heading\"><strong>Sommaire des communications <\/strong><\/h5>\n\n\n\n<h5 class=\"wp-block-heading\"><strong>1- Charan\u00e7on rouge du palmier : \u00e9volutions techniques et r\u00e9glementaires<\/strong>&nbsp;(Pr\u00e9sentation du dossier JEVI de la revue Phytoma d\u2019octobre 2019 par \u00c9ric CHAPIN pour COSAVE).<\/h5>\n\n\n\n<h5 class=\"wp-block-heading\"><strong>2- Bonnes Pratiques de pi\u00e9geage \u00e0 destination des collectivit\u00e9s territoriales<\/strong>&nbsp;(Pr\u00e9sentation du guide \u00e9labor\u00e9 en collaboration avec les jardins botaniques et les collectivit\u00e9s des r\u00e9gions Corse et PACA par Robert CASTELLANA pour RIVIERA GARDENS).<\/h5>\n\n\n\n<h5 class=\"wp-block-heading\"><strong>3- Pr\u00e9sentation de l\u2019arr\u00eat\u00e9 de lutte du 25 juin 2019&nbsp;<\/strong>(par Marie Odile MASSON pour le SRAL et S\u00e9bastien REGNIER pour la FREDON PACA).&nbsp;<\/h5>\n\n\n\n<h5 class=\"wp-block-heading\"><strong>4- L\u2019utilisation de la Technique de l\u2019Insecte St\u00e9rile (TIS) pour le contr\u00f4le du charan\u00e7on rouge du palmier (<\/strong><strong><em>Rhynchophorus<\/em><\/strong>&nbsp;<strong><em>ferrugineus<\/em><\/strong><strong><em>)<\/em><\/strong><strong>&nbsp;autour du Bassin M\u00e9diterran\u00e9en<\/strong>&nbsp;(par Massimo CRISTOFARO pour le laboratoire italien de l\u2019ENEA).<\/h5>\n\n\n\n<h5 class=\"wp-block-heading\"><strong>5- R\u00e9seau de pi\u00e9geage du CRP \u00e0 Ajaccio : analyse des facteurs de variation des captures en 2019&nbsp;<\/strong>(par Catherine GIGLEUX pour la FREDON CORSE).<\/h5>\n\n\n\n<h5 class=\"wp-block-heading\"><strong>6-&nbsp;<\/strong><strong>ARECAP\/CAVEM: D\u00e9monstration de \u00ab\u00a0lutte collective int\u00e9gr\u00e9e\u00a0\u00bb contre le charan\u00e7on rouge du palmier, associant&nbsp;<\/strong><strong>endoth\u00e9rapie<\/strong><strong>&nbsp;de masse et pi\u00e9geage compl\u00e9mentaire<\/strong>&nbsp;(Fabien WALICKI &amp; Fr\u00e9d\u00e9ric FERRERO P\u00f4le E3D\/CAVEM &amp; Daniel CHABERNAUD Propalmes 83).<\/h5>\n\n\n\n<h5 class=\"wp-block-heading\"><strong>7- Le point sur&nbsp;<\/strong><strong>Beauveria<\/strong>&nbsp;<strong>bassiana<\/strong>&nbsp;<strong>Serenissim<\/strong>&nbsp;<strong>\u00ae&nbsp;<\/strong>(par Samantha BESSE pour UPL OPENAG).<\/h5>\n\n\n\n<h5 class=\"wp-block-heading\"><strong>8- D\u00e9tection sismique pr\u00e9coce intelligente et lutte par m\u00e9diateurs chimiques&nbsp;: une combinaison gagnante. Bilan de l\u2019exp\u00e9rimentation aupr\u00e8s des collectivit\u00e9s territoriales de la r\u00e9gion PACA<\/strong>&nbsp;(pr\u00e9sentation par Johan FOURNIL pour M2ILIFESCIENCE &amp; Daphn\u00e9 ASIKIAN pour BIOASSAYS).<\/h5>\n\n\n\n<h5 class=\"wp-block-heading\"><strong>9- Nouveau&nbsp;<\/strong><strong>biopesticide<\/strong><strong>&nbsp;contre&nbsp;<\/strong><strong><em>Rhynchophorus<\/em><\/strong>&nbsp;<strong><em>ferrugineus<\/em><\/strong><strong>&nbsp;\u00e0 base de la souche&nbsp;<\/strong><strong><em>Beauveria<\/em><\/strong>&nbsp;<strong><em>bassiana<\/em><\/strong><strong>&nbsp;203<\/strong>&nbsp;(par Lucia LANZA pour GLEN BIOTECH).<\/h5>\n\n\n\n<h5 class=\"wp-block-heading\"><strong>10- Gestion int\u00e9gr\u00e9e des collections de la Villa Thuret et premiers r\u00e9sultats (<\/strong>par Richard BELLANGER pour INRA Villa Thuret).<\/h5>\n\n\n\n<p><strong>Colloque de Monaco 2019: <\/strong><a href=\"http:\/\/www.listephoenix.com\/?p=11253\" target=\"_blank\" rel=\"noreferrer noopener\">lien<\/a><\/p>\n\n\n\n<figure class=\"wp-block-image size-full is-resized\"><img loading=\"lazy\" decoding=\"async\" width=\"642\" height=\"449\" src=\"http:\/\/www.listephoenix.com\/wp-content\/uploads\/2018\/04\/Piegeage-Antibes-avril-2018.jpg\" alt=\"\" class=\"wp-image-10041\" style=\"width:645px;height:auto\" srcset=\"http:\/\/www.listephoenix.com\/wp-content\/uploads\/2018\/04\/Piegeage-Antibes-avril-2018.jpg 642w, http:\/\/www.listephoenix.com\/wp-content\/uploads\/2018\/04\/Piegeage-Antibes-avril-2018-150x105.jpg 150w, http:\/\/www.listephoenix.com\/wp-content\/uploads\/2018\/04\/Piegeage-Antibes-avril-2018-300x210.jpg 300w\" sizes=\"auto, (max-width: 642px) 100vw, 642px\" \/><\/figure>\n\n\n\n<p><strong><mark style=\"background-color:rgba(0, 0, 0, 0)\" class=\"has-inline-color has-vivid-red-color\">2018<\/mark><\/strong><\/p>\n\n\n\n<p><strong><mark style=\"background-color:rgba(0, 0, 0, 0)\" class=\"has-inline-color has-vivid-red-color\">ACTUALIT\u00c9 DE LA LUTTE<\/mark><\/strong><\/p>\n\n\n\n<p><strong>2018: ANTIBES ADOPTE LE&nbsp;PI\u00c9GEAGE<\/strong>. La Communaut\u00e9 d\u2019Agglom\u00e9ration d\u2019Antibes (la CASA) vient de lancer une op\u00e9ration de distribution de pi\u00e8ges \u00e0 charan\u00e7on rouge, le ravageur des palmiers, \u00e0 destination des particuliers, une initiative de lutte collective et participative.&nbsp;<strong>En savoir plus:<\/strong><a href=\"http:\/\/www.nicematin.com\/vie-locale\/lagglo-de-sophia-antipolis-va-distribuer-500-pieges-gratuits-pour-se-debarrasser-des-charancons-rouges-221049\" target=\"_blank\" rel=\"noreferrer noopener\"> nicematin.com<\/a><\/p>\n\n\n<div class=\"wp-block-image\">\n<figure class=\"alignleft\"><img loading=\"lazy\" decoding=\"async\" width=\"222\" height=\"227\" src=\"http:\/\/www.listephoenix.com\/wp-content\/uploads\/2018\/03\/Thuret-mars-2018-logo-INAT.jpg\" alt=\"\" class=\"wp-image-10011\" srcset=\"http:\/\/www.listephoenix.com\/wp-content\/uploads\/2018\/03\/Thuret-mars-2018-logo-INAT.jpg 222w, http:\/\/www.listephoenix.com\/wp-content\/uploads\/2018\/03\/Thuret-mars-2018-logo-INAT-147x150.jpg 147w\" sizes=\"auto, (max-width: 222px) 100vw, 222px\" \/><\/figure>\n<\/div>\n\n\n<p><strong>2018: ETAT DE LA LUTTE EN TUNISIE<\/strong>. Nos partenaires de l\u2019Unit\u00e9 Exp\u00e9rimentale Villa Thuret d\u2019Antibes, ont re\u00e7u le 9 mars la visite de Mohamed Habib DHOUIBI entomologiste et membre de l\u2019Institut National Agronomique de Tunisie (INAT), en charge pour ce pays de la lutte contre le charan\u00e7on rouge du palmier. \u00c9taient pr\u00e9sents les directions espaces verts de Nice, Cannes, Vence et des communaut\u00e9s Cavem (Fr\u00e9jus Saint-Rapha\u00ebl) et Casa (Antibes Sophia), Elisabeth Tabone (INRA), Richard Bellanger (INRA), Robert Castellana (Projet Phoenix) &amp; Pascal Moya (M2 LifeScience).<\/p>\n\n\n\n<p><strong>En savoir plus&nbsp;:<\/strong> pr\u00e9sentation de la lutte en Tunisie au colloque FAO de Rome 2017:&nbsp;<a href=\"http:\/\/www.fao.org\/fileadmin\/templates\/fcc\/documents\/3_Tunisia_Fethia_Hellali.pdf\">fao.<\/a><a href=\"http:\/\/www.fao.org\/fileadmin\/templates\/fcc\/documents\/3_Tunisia_Fethia_Hellali.pdf\" target=\"_blank\" rel=\"noreferrer noopener\">orgi<\/a><a href=\"http:\/\/www.fao.org\/fileadmin\/templates\/fcc\/documents\/3_Tunisia_Fethia_Hellali.pdf\">.pdf<\/a><\/p>\n\n\n<div class=\"wp-block-image\">\n<figure class=\"alignleft\"><a href=\"http:\/\/www.listephoenix.com\/wp-content\/uploads\/2018\/03\/projetprinceps2017-couverture-2.jpg\"><img loading=\"lazy\" decoding=\"async\" width=\"210\" height=\"300\" src=\"http:\/\/www.listephoenix.com\/wp-content\/uploads\/2018\/03\/projetprinceps2017-couverture-2-210x300.jpg\" alt=\"\" class=\"wp-image-10006\" srcset=\"http:\/\/www.listephoenix.com\/wp-content\/uploads\/2018\/03\/projetprinceps2017-couverture-2-210x300.jpg 210w, http:\/\/www.listephoenix.com\/wp-content\/uploads\/2018\/03\/projetprinceps2017-couverture-2-105x150.jpg 105w, http:\/\/www.listephoenix.com\/wp-content\/uploads\/2018\/03\/projetprinceps2017-couverture-2.jpg 549w\" sizes=\"auto, (max-width: 210px) 100vw, 210px\" \/><\/a><\/figure>\n<\/div>\n\n\n<p><strong>2018: NOUVELLE PUBLICATION DE LA REVUE PRINCEPS<\/strong>. Inaugur\u00e9e par la Soci\u00e9t\u00e9 Palmophile Francophone en 2015, la seconde \u00e9dition de cette nouvelle revue consacre une large place au R\u00e9seau des Jardins Botaniques de la Riviera et aux recherches de nos partenaires, avec notamment un compte-rendu de notre Rencontre de Monaco en 2016, nos observations relatives \u00e0 l\u2019analyse du risque li\u00e9 \u00e0 l&rsquo;infestation de palmiers dattiers (<em>Phoenix dactylifera<\/em>) par le ravageur&nbsp;<em>Rhynchophorus ferrugineus<\/em>&nbsp;(Bordighera-Italie) et la pr\u00e9sentation de l\u2019application de science participative AGIIR de l\u2019INRA Antibes, relative au papillon palmivore (<em>Paysandisia archon<\/em>). Deux autres articles rendent aussi compte de nos recherches sur les palmiers&nbsp;<em>Canariensis&nbsp;<\/em>et&nbsp;<em>Chamaerops,&nbsp;<\/em>des recherches men\u00e9es en Italie dans le cadre du Projet Phoenix co-pilot\u00e9 par notre Jardin Exp\u00e9rimental de Bordighera.&nbsp;<\/p>\n\n\n<div class=\"wp-block-image\">\n<figure class=\"alignleft\"><img loading=\"lazy\" decoding=\"async\" width=\"271\" height=\"83\" src=\"http:\/\/www.listephoenix.com\/wp-content\/uploads\/2018\/03\/Logo-MNHN.jpg\" alt=\"\" class=\"wp-image-10014\" srcset=\"http:\/\/www.listephoenix.com\/wp-content\/uploads\/2018\/03\/Logo-MNHN.jpg 271w, http:\/\/www.listephoenix.com\/wp-content\/uploads\/2018\/03\/Logo-MNHN-150x46.jpg 150w\" sizes=\"auto, (max-width: 271px) 100vw, 271px\" \/><\/figure>\n<\/div>\n\n\n<p><strong>2018: UMS 2006 &#8211; PATRIMOINE NATUREL (AFB &#8211; CNRS &#8211; MNHN)<\/strong>. Le Mus\u00e9um National d&rsquo;Histoire Naturelle vient de mettre en ligne dans sa base de donn\u00e9es nos deux publications consacr\u00e9es l\u2019an dernier (2017) aux ravageurs des palmiers \u00e0 cette adresse: <a href=\"http:\/\/eee.mnhn.fr\/posters\/\" target=\"_blank\" rel=\"noreferrer noopener\">http:\/\/eee.mnhn.fr\/posters\/<\/a><\/p>\n\n\n\n<p><strong>AA. VV. 2017. Principaut\u00e9 de Monaco d\u00e9cembre 2017. Lutte contre les ravageurs des Palmiers. Lutte int\u00e9gr\u00e9e &amp; bio-contr\u00f4le: \u00e9tat des lieux<\/strong>. Dossier de Presse de la 3\u00e8me Rencontre des Jardins Botaniques et Associations Partenaires. Monaco 15 d\u00e9cembre 2017. 16 p.&nbsp;<a href=\"http:\/\/eee.mnhn.fr\/wp-content\/uploads\/sites\/9\/2016\/01\/DOSSIER-PRESSE-MONACO1.pdf\" target=\"_blank\" rel=\"noreferrer noopener\">Lire<\/a><\/p>\n\n\n\n<p><strong>AA. VV. 2017. Paysandisia archon [le papillon palmivore]. Menaces sur les paysages &amp; la biodiversit\u00e9.&nbsp;<\/strong>Dossier de Presse du Colloque de Rocbaron. SNP, FREDON, INRA. Rocbaron 31 mai 2017. 19 p.&nbsp;<a href=\"http:\/\/eee.mnhn.fr\/wp-content\/uploads\/sites\/9\/2016\/01\/CONFERENCE-PAYSANDISIA-ARCHON.pdf\" target=\"_blank\" rel=\"noreferrer noopener\">Lire<\/a><\/p>\n\n\n\n<figure class=\"wp-block-image size-full\"><img loading=\"lazy\" decoding=\"async\" width=\"421\" height=\"424\" src=\"http:\/\/www.listephoenix.com\/wp-content\/uploads\/2017\/12\/Logo-MONACO-2017.jpg\" alt=\"\" class=\"wp-image-9878\" srcset=\"http:\/\/www.listephoenix.com\/wp-content\/uploads\/2017\/12\/Logo-MONACO-2017.jpg 421w, http:\/\/www.listephoenix.com\/wp-content\/uploads\/2017\/12\/Logo-MONACO-2017-150x150.jpg 150w, http:\/\/www.listephoenix.com\/wp-content\/uploads\/2017\/12\/Logo-MONACO-2017-298x300.jpg 298w\" sizes=\"auto, (max-width: 421px) 100vw, 421px\" \/><\/figure>\n\n\n\n<p><strong><mark style=\"background-color:rgba(0, 0, 0, 0)\" class=\"has-inline-color has-vivid-red-color\">2017<\/mark><\/strong><\/p>\n\n\n\n<p><strong><mark style=\"background-color:rgba(0, 0, 0, 0)\" class=\"has-inline-color has-vivid-red-color\">MONACO : 3\u00b0 RENCONTRES SUR LA LUTTE INT\u00c9GR\u00c9E&nbsp;CONTRE LES RAVAGEURS DES PALMIERS <\/mark><\/strong><\/p>\n\n\n\n<p><strong>AUDITORIUM RAINIER III (15&nbsp;D\u00c9CEMBRE&nbsp;2017)<\/strong>. Pour la 3\u00e8me ann\u00e9e cons\u00e9cutive, les jardins botaniques de la C\u00f4te d\u2019Azur et les associations partenaires ont rencontr\u00e9 les professionnels du secteur, \u00e0 l\u2019invitation de la Direction de l\u2019Am\u00e9nagement Urbain du Gouvernement Princier. Il s\u2019agissait de faire le point sur la progression des ravageurs des palmiers et sur les techniques de lutte en cours. La manifestation s\u2019est d\u00e9roul\u00e9e en deux temps&nbsp;: une table-ronde relative \u00e0 des retours d\u2019exp\u00e9riences (anim\u00e9e par Etienne TRENTESAUX pour l\u2019Association Fous de Palmiers) et quatre conf\u00e9rences (mod\u00e9rateur Herv\u00e9 PIETRA pour l\u2019Association Sauvons Nos Palmiers). Plus de 60 participants \u00e9taient pr\u00e9sents, dont plusieurs communes de la R\u00e9gion PACA et une d\u00e9l\u00e9gation corse (Ville d\u2019Ajaccio et Fredon). Au-del\u00e0 des seuls palmiers, cette manifestation a aussi abord\u00e9 les nouvelles menaces auxquelles sont confront\u00e9s les espaces verts qui ont fait le succ\u00e8s paysager de la C\u00f4te d\u2019Azur, \u00e0 la suite d\u2019introductions incontr\u00f4l\u00e9es de v\u00e9g\u00e9taux et du r\u00e9chauffement climatique.&nbsp;<\/p>\n\n\n\n<p><strong>Lien vers le Colloque de Monaco 2017: <\/strong><a href=\"http:\/\/www.listephoenix.com\/?p=9871\">Monaco-2017<\/a><strong>&nbsp;<\/strong><\/p>\n\n\n\n<p><strong>COMPTE-RENDU 2017: ACTUALIT\u00c9S DE LA LUTTE<\/strong><\/p>\n\n\n<div class=\"wp-block-image\">\n<figure class=\"alignleft\"><a href=\"http:\/\/www.listephoenix.com\/wp-content\/uploads\/2017\/09\/Cap-Ferrat-Jardin-des-Cedres-carte-postale.jpg\"><img loading=\"lazy\" decoding=\"async\" width=\"300\" height=\"169\" src=\"http:\/\/www.listephoenix.com\/wp-content\/uploads\/2017\/09\/Cap-Ferrat-Jardin-des-Cedres-carte-postale-300x169.jpg\" alt=\"\" class=\"wp-image-9833\" srcset=\"http:\/\/www.listephoenix.com\/wp-content\/uploads\/2017\/09\/Cap-Ferrat-Jardin-des-Cedres-carte-postale-300x169.jpg 300w, http:\/\/www.listephoenix.com\/wp-content\/uploads\/2017\/09\/Cap-Ferrat-Jardin-des-Cedres-carte-postale-150x84.jpg 150w, http:\/\/www.listephoenix.com\/wp-content\/uploads\/2017\/09\/Cap-Ferrat-Jardin-des-Cedres-carte-postale-768x432.jpg 768w, http:\/\/www.listephoenix.com\/wp-content\/uploads\/2017\/09\/Cap-Ferrat-Jardin-des-Cedres-carte-postale.jpg 805w\" sizes=\"auto, (max-width: 300px) 100vw, 300px\" \/><\/a><\/figure>\n<\/div>\n\n\n<p><strong>2017: MENACES SUR LE JARDIN DES C\u00c8DRES&nbsp;(ST JEAN CAP FERRAT &#8211; FRENCH RIVIERA)<\/strong>. L\u2019Association Fous de Palmiers vient de publier un num\u00e9ro sp\u00e9cial sur ce jardin botanique d\u2019exception suite aux inqui\u00e9tudes pesant sur son avenir. Ce domaine (qui appartenait \u00e0 la famille MARNIER-LAPOSTOLLE par le biais de la soci\u00e9t\u00e9 GRAND MARNIER), a en effet \u00e9t\u00e9 c\u00e9d\u00e9 avec l&rsquo;entreprise. Depuis lors, l&rsquo;acc\u00e8s au jardin est impossible et de grands doutes subsistent sur le fait que les collections v\u00e9g\u00e9tales et l&rsquo;activit\u00e9 botanique soient p\u00e9rennis\u00e9es. L&rsquo;entretien d&rsquo;un tel jardin botanique n\u00e9cessite d\u2019importants moyens organisationnels et financiers, sans quoi l&rsquo;immense biodiversit\u00e9 qu&rsquo;il renferme aujourd&rsquo;hui sera perdue. Actuellement, il n\u2019y a pas de signal rassurant allant dans la direction de poursuivre l\u2019\u0153uvre botanique de ses cr\u00e9ateurs. Le domaine compte 24 serres (la grande serre tropicale, la serre \u00e0 brom\u00e9liac\u00e9es, \u00e0 succulentes, \u00e0 arac\u00e9es, le palmarium de 600m2, etc.) le tout couvrant pr\u00e8s d\u2019un hectare, sur les 14 ha de la propri\u00e9t\u00e9. Pour un certain nombre de groupes de plantes, les sp\u00e9cialistes n&rsquo;h\u00e9sitent pas \u00e0 dire qu&rsquo;il n&rsquo;y a pas, au monde, de collection aussi importante: par son int\u00e9r\u00eat scientifique, il se place parmi les tout premiers jardins botaniques.&nbsp;<strong>Lire l\u2019article:<\/strong><a href=\"http:\/\/www.fousdepalmiers.com\/medias\/files\/le-palmier-90-association-fous-de-palmiers.pdf\"> <\/a><a href=\"http:\/\/www.fousdepalmiers.com\/medias\/files\/le-palmier-90-association-fous-de-palmiers.pdf\" target=\"_blank\" rel=\"noreferrer noopener\">fousdepalmiers<\/a><a href=\"http:\/\/www.fousdepalmiers.com\/medias\/files\/le-palmier-90-association-fous-de-palmiers.pdf\">.com<\/a><\/p>\n\n\n<div class=\"wp-block-image\">\n<figure class=\"alignleft\"><a href=\"http:\/\/www.listephoenix.com\/wp-content\/uploads\/2017\/09\/Piegeage-RPW-repartition-en-double-ceinture.jpg\"><img loading=\"lazy\" decoding=\"async\" width=\"300\" height=\"265\" src=\"http:\/\/www.listephoenix.com\/wp-content\/uploads\/2017\/09\/Piegeage-RPW-repartition-en-double-ceinture-300x265.jpg\" alt=\"\" class=\"wp-image-9834\" srcset=\"http:\/\/www.listephoenix.com\/wp-content\/uploads\/2017\/09\/Piegeage-RPW-repartition-en-double-ceinture-300x265.jpg 300w, http:\/\/www.listephoenix.com\/wp-content\/uploads\/2017\/09\/Piegeage-RPW-repartition-en-double-ceinture-150x132.jpg 150w, http:\/\/www.listephoenix.com\/wp-content\/uploads\/2017\/09\/Piegeage-RPW-repartition-en-double-ceinture.jpg 635w\" sizes=\"auto, (max-width: 300px) 100vw, 300px\" \/><\/a><\/figure>\n<\/div>\n\n\n<p><strong>2017<\/strong>. <strong>PI\u00c9GEAGE: CONVENTION RIVIERA GARDENS &amp; M2ILIFESCIENCE<\/strong>. La soci\u00e9t\u00e9 M2ILifeScience a pris contact avec nos jardins \u00e0 l\u2019occasion de la r\u00e9union de Monaco de la fin 2016. Le jardin mentonnais du Museum National d&rsquo;Histoire Naturelle, qui avait d\u00e9j\u00e0 valid\u00e9 cette technique suite \u00e0 la r\u00e9union pr\u00e9c\u00e9dente (Monaco 2015), a pilot\u00e9 la signature d\u2019une convention. La firme a mis gratuitement \u00e0 notre disposition un lot de ph\u00e9romones et les jardins partenaires se sont engag\u00e9s \u00e0 publier les r\u00e9sultats des captures. Nos jardins sont particuli\u00e8rement attentifs au fait que les pi\u00e8ges ne capturent pas d\u2019autres insectes que ceux cibl\u00e9s. Ils sont par ailleurs tr\u00e8s int\u00e9ress\u00e9s par l\u2019\u00e9ventualit\u00e9 d\u2019une adoption en Europe du pi\u00e9geage massif comme technique de lutte, \u00e0 l\u2019image de ce qui se fait depuis longtemps au moyen-orient dans les r\u00e9gions oasiennes.&nbsp;<\/p>\n\n\n<div class=\"wp-block-image\">\n<figure class=\"alignleft\"><a href=\"http:\/\/www.listephoenix.com\/wp-content\/uploads\/2016\/03\/2017-SNP-FREDON-INRA-conference-Paysandisia-Rocbaron.jpg\"><img loading=\"lazy\" decoding=\"async\" width=\"300\" height=\"246\" src=\"http:\/\/www.listephoenix.com\/wp-content\/uploads\/2016\/03\/2017-SNP-FREDON-INRA-conference-Paysandisia-Rocbaron-300x246.jpg\" alt=\"\" class=\"wp-image-9762\" srcset=\"http:\/\/www.listephoenix.com\/wp-content\/uploads\/2016\/03\/2017-SNP-FREDON-INRA-conference-Paysandisia-Rocbaron-300x246.jpg 300w, http:\/\/www.listephoenix.com\/wp-content\/uploads\/2016\/03\/2017-SNP-FREDON-INRA-conference-Paysandisia-Rocbaron-150x123.jpg 150w, http:\/\/www.listephoenix.com\/wp-content\/uploads\/2016\/03\/2017-SNP-FREDON-INRA-conference-Paysandisia-Rocbaron.jpg 473w\" sizes=\"auto, (max-width: 300px) 100vw, 300px\" \/><\/a><\/figure>\n<\/div>\n\n\n<p><strong>2017<\/strong>. <strong>PAYSANDISIA ARCHON: LES TECHNIQUES DE LUTTE (PUBLICATION COLLECTIVE)<\/strong>. Plus de 20 ans de recherches sur les ravageurs des palmiers ont conduit \u00e0 mettre au point diverses techniques de lutte. Aucune, ne permet toutefois \u00e0 elle seule de r\u00e9gler le probl\u00e8me de mani\u00e8re satisfaisante. Recommand\u00e9e (mais rarement adopt\u00e9e) d\u00e8s les premi\u00e8res ann\u00e9es de l\u2019infestation, la strat\u00e9gie dite de \u00ab\u00a0lutte int\u00e9gr\u00e9e\u00a0\u00bb vise \u00e0 les associer. Les progr\u00e8s r\u00e9cents en mati\u00e8re de lutte biologique et chimique relancent son int\u00e9r\u00eat, dans un contexte o\u00f9 l\u2019infestation a conduit \u00e0 la diss\u00e9mination d\u2019importantes populations de ravageurs. Les principes de base de la lutte int\u00e9gr\u00e9e sont les suivants: pr\u00e9vention des infestations, traitement des d\u00e9chets, contr\u00f4le des populations et \u00e9valuation des r\u00e9sultats. Nous nous sommes efforc\u00e9s, dans cette publication collective, de les d\u00e9cliner \u00e0 propos du papillon palmivore, Paysandisia archon.&nbsp;<strong>Lire la publication:&nbsp;<\/strong><a href=\"http:\/\/www.fousdepalmiers.com\/medias\/files\/lutte-integree-paysandisia-archon-integrated-pest-management-.pdf\" target=\"_blank\" rel=\"noreferrer noopener\">fousdepalmiers.com<\/a><\/p>\n\n\n<div class=\"wp-block-image\">\n<figure class=\"alignleft\"><a href=\"http:\/\/www.listephoenix.com\/wp-content\/uploads\/2018\/03\/Ajaccio-2017-%C3%A9chantillon-revive-7.jpg\"><img decoding=\"async\" src=\"http:\/\/www.listephoenix.com\/wp-content\/uploads\/2018\/03\/Ajaccio-2017-%C3%A9chantillon-revive-7-254x300.jpg\" alt=\"\" class=\"wp-image-10000\"\/><\/a><\/figure>\n<\/div>\n\n\n<p><strong>2017<\/strong>. <strong>CORSICAN GARDENS AJACCIO : PREMIERS RETOURS SUR L\u2019ENDOTH\u00c9RAPIE<\/strong>. La ville d\u2019Ajaccio poss\u00e8de un important patrimoine de palmiers int\u00e9gr\u00e9s au paysage urbain en centre-ville comme en front de mer. Sauvons Nos Palmiers, notre partenaire associatif, nous a aimablement invit\u00e9s \u00e0 participer \u00e0 cette r\u00e9union qui s\u2019est tenue \u00e0 Ajaccio, pour apporter le t\u00e9moignage des strat\u00e9gies de lutte des jardins botaniques fran\u00e7ais et italiens. Ajaccio a \u00e9t\u00e9 la premi\u00e8re ville fran\u00e7aise \u00e0 adopter l\u2019endoth\u00e9rapie. La r\u00e9union a permis de faire le point sur l\u2019\u00e9tat des lieux. Le charan\u00e7on est apparu en 2011 \u00e0 Ajaccio et la lutte a \u00e9t\u00e9 aussit\u00f4t mise en \u0153uvre. Depuis 2015, 2 techniques sont d\u00e9sormais retenues, au niveau des 700&nbsp;<em>Phoenix canariensis<\/em>&nbsp;de la Commune : l\u2019endoth\u00e9rapie par Revive pour 340 des 500 palmiers d\u2019alignement, et l\u2019aspersion de Confidor pour les autres. En ce qui concerne l\u2019endoth\u00e9rapie, le taux d\u2019\u00e9chec a \u00e9t\u00e9 de 14 sp\u00e9cimens la premi\u00e8re ann\u00e9e et 35 la seconde, soit un total de 49 palmiers sur 2015\/2016 (14.41%). Ce premier bilan est donc mitig\u00e9.&nbsp;<strong>Lire le compte-rendu :<\/strong><a href=\"https:\/\/sauvonsnospalmiers.fr\/IMG\/pdf\/ajaccio_2017.pdf?2398\/04716c8fc7111225c0c9256d87fa4ac497877a63\" target=\"_blank\" rel=\"noreferrer noopener\"> sauvonsnospalmiers.fr<\/a><\/p>\n\n\n<div class=\"wp-block-image\">\n<figure class=\"alignleft\"><a href=\"http:\/\/www.listephoenix.com\/wp-content\/uploads\/2017\/09\/FAO-ROME-2017-Graciano-da-Silva-Elisabeth-Tabone-Victoria-Soroker.jpg\"><img loading=\"lazy\" decoding=\"async\" width=\"300\" height=\"202\" src=\"http:\/\/www.listephoenix.com\/wp-content\/uploads\/2017\/09\/FAO-ROME-2017-Graciano-da-Silva-Elisabeth-Tabone-Victoria-Soroker-300x202.jpg\" alt=\"\" class=\"wp-image-9830\" srcset=\"http:\/\/www.listephoenix.com\/wp-content\/uploads\/2017\/09\/FAO-ROME-2017-Graciano-da-Silva-Elisabeth-Tabone-Victoria-Soroker-300x202.jpg 300w, http:\/\/www.listephoenix.com\/wp-content\/uploads\/2017\/09\/FAO-ROME-2017-Graciano-da-Silva-Elisabeth-Tabone-Victoria-Soroker-150x101.jpg 150w, http:\/\/www.listephoenix.com\/wp-content\/uploads\/2017\/09\/FAO-ROME-2017-Graciano-da-Silva-Elisabeth-Tabone-Victoria-Soroker-768x518.jpg 768w, http:\/\/www.listephoenix.com\/wp-content\/uploads\/2017\/09\/FAO-ROME-2017-Graciano-da-Silva-Elisabeth-Tabone-Victoria-Soroker.jpg 811w\" sizes=\"auto, (max-width: 300px) 100vw, 300px\" \/><\/a><\/figure>\n<\/div>\n\n\n<p><strong>CONF\u00c9RENCE FAO DE ROME MARS 2017&nbsp;: LUTTE INT\u00c9GR\u00c9E (COMPTE-RENDU)<\/strong><\/p>\n\n\n\n<p>Ill. le Directeur g\u00e9n\u00e9ral de la FAO en compagnie d&rsquo;Elisabeth Tabone (Inrae) et de Victoria Soroker (Palm Protect)<\/p>\n\n\n\n<p>Nous avons particip\u00e9 \u00e0 cette r\u00e9union au cours de laquelle la FAO a d\u00e9cid\u00e9 d\u2019ent\u00e9riner, au plus haut niveau institutionnel, un accord cadre relatif \u00e0 l\u2019adoption de la Strat\u00e9gie dite de Lutte Int\u00e9gr\u00e9e (Integrated Pest Management = IPM) contre le ravageur des palmiers <em>Rhynchophorus ferrugineus<\/em>. Cet accord cadre ne concerne que la seule r\u00e9gion dite NEPPO, soit les principales r\u00e9gions de productions datti\u00e8res de la Mauritanie \u00e0 l\u2019Inde et \u00e0 la Malaisie. Il a uniquement valeur de recommandation. Une structure r\u00e9gionale sera toutefois mise en place afin de piloter la d\u00e9clinaison de cet accord au niveau des pays concern\u00e9s. Un Fonds Fiduciaire sera aussi cr\u00e9\u00e9, aupr\u00e8s des pays donateurs, afin de financer les projets pr\u00e9sent\u00e9s par les pays membres.<strong>&nbsp;Lire notre compte-rendu&nbsp;<\/strong>(avec l\u2019acc\u00e8s aux Actes du Congr\u00e8s):&nbsp;<a href=\"http:\/\/www.listephoenix.com\/wp-content\/uploads\/2017\/08\/CR-2017-FAO.pdf\" target=\"_blank\" rel=\"noreferrer noopener\">listephoenix.com<\/a><\/p>\n\n\n\n<p><strong><mark style=\"background-color:rgba(0, 0, 0, 0)\" class=\"has-inline-color has-vivid-red-color\">2016<\/mark><\/strong><\/p>\n\n\n\n<p><strong><mark style=\"background-color:rgba(0, 0, 0, 0)\" class=\"has-inline-color has-vivid-red-color\">MONACO : MENACES SUR LA BIODIVERSIT\u00c9<\/mark><\/strong><\/p>\n\n\n\n<p>C\u2019est dans un contexte extr\u00eamement pr\u00e9occupant d\u2019atteinte \u00e0 la biodiversit\u00e9, que les principaux jardins botaniques et historiques de la Riviera, en France et en Italie, ont pr\u00e9sent\u00e9 pour la seconde ann\u00e9e les r\u00e9sultats de leurs strat\u00e9gies de lutte contre les ravageurs des palmiers, \u00e0 l\u2019invitation de la Principaut\u00e9 de Monaco. Cette r\u00e9union de travail portait sur l\u2019actualit\u00e9 de la strat\u00e9gie dite de Lutte Int\u00e9gr\u00e9e (Integrated Pest Management = IPM). Outre les jardins botaniques, cette rencontre a rassembl\u00e9 de nombreux acteurs du secteur. Les intervenants ont fait le point sur l\u2019harmonisation de leurs protocoles de lutte, les perspectives qu\u2019ouvrent les recherches en cours et les nouvelles menaces qui p\u00e8sent sur les populations m\u00e9diterran\u00e9ennes de palmiers, notamment le papillon palmivore (<em>Paysandisia archon<\/em>) et le transfert du charan\u00e7on rouge (<em>Rhynchophorus ferrugineus<\/em>) en direction du palmier dattier des oasis.&nbsp;<\/p>\n\n\n\n<p><strong>Lien vers le Colloque de Monaco 2016: <\/strong><a href=\"http:\/\/www.listephoenix.com\/?p=9120\">Monaco-2016<\/a><strong>&nbsp;<\/strong><\/p>\n\n\n\n<p><strong>2016<\/strong>. <strong>REVUE DE PRESSE<\/strong><\/p>\n\n\n\n<figure class=\"wp-block-image\"><a href=\"http:\/\/www.nicematin.com\/environnement\/la-survie-du-palmier-de-plus-en-plus-menacee-100398\" target=\"_blank\" rel=\"noreferrer noopener\"><img loading=\"lazy\" decoding=\"async\" width=\"609\" height=\"151\" src=\"http:\/\/www.listephoenix.com\/wp-content\/uploads\/2016\/12\/Presse-Monaco-Matin.jpg\" alt=\"\" class=\"wp-image-9125\" title=\"\" srcset=\"http:\/\/www.listephoenix.com\/wp-content\/uploads\/2016\/12\/Presse-Monaco-Matin.jpg 609w, http:\/\/www.listephoenix.com\/wp-content\/uploads\/2016\/12\/Presse-Monaco-Matin-150x37.jpg 150w, http:\/\/www.listephoenix.com\/wp-content\/uploads\/2016\/12\/Presse-Monaco-Matin-300x74.jpg 300w\" sizes=\"auto, (max-width: 609px) 100vw, 609px\" \/><\/a><\/figure>\n\n\n\n<figure class=\"wp-block-image\"><a href=\"http:\/\/www.lesauvage.org\/2016\/10\/les-palmiers-en-peril-en-italie\/\" target=\"_blank\" rel=\"noreferrer noopener\"><img loading=\"lazy\" decoding=\"async\" width=\"711\" height=\"143\" src=\"http:\/\/www.listephoenix.com\/wp-content\/uploads\/2016\/12\/Presse-Le-Sauvage.jpg\" alt=\"\" class=\"wp-image-9128\" title=\"\" srcset=\"http:\/\/www.listephoenix.com\/wp-content\/uploads\/2016\/12\/Presse-Le-Sauvage.jpg 711w, http:\/\/www.listephoenix.com\/wp-content\/uploads\/2016\/12\/Presse-Le-Sauvage-150x30.jpg 150w, http:\/\/www.listephoenix.com\/wp-content\/uploads\/2016\/12\/Presse-Le-Sauvage-300x60.jpg 300w\" sizes=\"auto, (max-width: 711px) 100vw, 711px\" \/><\/a><\/figure>\n\n\n<div class=\"wp-block-image\">\n<figure class=\"aligncenter\"><a href=\"http:\/\/www.fousdepalmiers.com\/pages\/culture-maladies-et-soins\/comite-anti-ravageurs.html\" target=\"_blank\" rel=\"noreferrer noopener\"><img loading=\"lazy\" decoding=\"async\" width=\"300\" height=\"178\" src=\"http:\/\/www.listephoenix.com\/wp-content\/uploads\/2016\/12\/Logo-fous-de-palmiers-300x178.png\" alt=\"\" class=\"wp-image-9604\" title=\"\" srcset=\"http:\/\/www.listephoenix.com\/wp-content\/uploads\/2016\/12\/Logo-fous-de-palmiers-300x178.png 300w, http:\/\/www.listephoenix.com\/wp-content\/uploads\/2016\/12\/Logo-fous-de-palmiers-150x89.png 150w, http:\/\/www.listephoenix.com\/wp-content\/uploads\/2016\/12\/Logo-fous-de-palmiers.png 480w\" sizes=\"auto, (max-width: 300px) 100vw, 300px\" \/><\/a><\/figure>\n<\/div>\n\n<div class=\"wp-block-image\">\n<figure class=\"aligncenter\"><a href=\"http:\/\/www.sauvonsnospalmiers.fr\/IMG\/pdf\/2017_02_03_15_36_24.pdf?2362\/eb213eec21098b66e08f0c9817ddeca74f18a414\" target=\"_blank\" rel=\"noreferrer noopener\"><img loading=\"lazy\" decoding=\"async\" width=\"295\" height=\"171\" src=\"http:\/\/www.listephoenix.com\/wp-content\/uploads\/2016\/12\/Logo-Lien-Horticole.jpg\" alt=\"\" class=\"wp-image-9597\" title=\"\" srcset=\"http:\/\/www.listephoenix.com\/wp-content\/uploads\/2016\/12\/Logo-Lien-Horticole.jpg 295w, http:\/\/www.listephoenix.com\/wp-content\/uploads\/2016\/12\/Logo-Lien-Horticole-150x87.jpg 150w\" sizes=\"auto, (max-width: 295px) 100vw, 295px\" \/><\/a><\/figure>\n<\/div>\n\n\n<p><strong><mark style=\"background-color:rgba(0, 0, 0, 0)\" class=\"has-inline-color has-vivid-red-color\">2015<\/mark><\/strong><\/p>\n\n\n\n<p><strong><mark style=\"background-color:rgba(0, 0, 0, 0)\" class=\"has-inline-color has-vivid-red-color\">MONACO : RETOURS D&rsquo;EXP\u00c9RIENCES SUR LA LUTTE INT\u00c9GR\u00c9E<\/mark><\/strong><\/p>\n\n\n\n<figure class=\"wp-block-image size-full is-resized\"><img loading=\"lazy\" decoding=\"async\" width=\"212\" height=\"238\" src=\"http:\/\/www.listephoenix.com\/wp-content\/uploads\/2015\/11\/Logo-Volcani-Center.jpg\" alt=\"\" class=\"wp-image-8541\" style=\"width:340px;height:auto\" srcset=\"http:\/\/www.listephoenix.com\/wp-content\/uploads\/2015\/11\/Logo-Volcani-Center.jpg 212w, http:\/\/www.listephoenix.com\/wp-content\/uploads\/2015\/11\/Logo-Volcani-Center-134x150.jpg 134w\" sizes=\"auto, (max-width: 212px) 100vw, 212px\" \/><\/figure>\n\n\n\n<p>Face \u00e0 l\u2019inaction des pouvoirs publics italiens en mati\u00e8re de lutte contre le charan\u00e7on rouge, les principaux jardins et associations de Bordighera ont cr\u00e9\u00e9 en 2014 le&nbsp;Collectif&nbsp; \u00ab\u00a0Non&nbsp; c\u2019e&nbsp; pi\u00f9&nbsp; tempo\u00a0\u00bb,&nbsp; dans&nbsp; le&nbsp; but&nbsp; de&nbsp; f\u00e9d\u00e9rer&nbsp; les initiatives et de mutualiser les moyens. Ce Collectif s\u2019est \u00e9largi ensuite en direction de&nbsp; la&nbsp; r\u00e9gion&nbsp; frontali\u00e8re,&nbsp; et&nbsp; plus&nbsp; largement&nbsp; de&nbsp; l\u2019ensemble&nbsp; du monde&nbsp; m\u00e9diterran\u00e9en.&nbsp; Six&nbsp; r\u00e9unions&nbsp; internationales&nbsp; ont&nbsp; ainsi&nbsp; eu&nbsp; lieu en 2015, en France, en Italie et en Principaut\u00e9 de Monaco. Elles se sont d\u00e9roul\u00e9es dans le contexte tr\u00e8s pr\u00e9occupant de la diversification en cours des&nbsp; cibles&nbsp; du&nbsp; ravageur&nbsp; vers&nbsp; le&nbsp; palmier&nbsp; dattier, un&nbsp; probl\u00e8me&nbsp; qui&nbsp; concerne aussi&nbsp; l&rsquo;ensemble&nbsp; des&nbsp; pays&nbsp; du&nbsp; Sud&nbsp; m\u00e9diterran\u00e9en.&nbsp; Ces&nbsp; r\u00e9unions&nbsp; ont&nbsp; aussi \u00e9t\u00e9 l\u2019occasion de rassembler les jardins et les associations locales afin de faire le point sur la lutte en cours, avec deux conf\u00e9rences de Victoria Soroker chercheur associ\u00e9e au Programme Eurom\u00e9diterran\u00e9en Palm Protect.<\/p>\n\n\n\n<p><strong>Sommaire<\/strong>: <strong>1. Bordighera &#8211; Monaco 2015: Conf\u00e9rences de Victoria Soroker (Volcani Center &#8211; Israel: European Project Palm Protect) \u00ab15 ans de lutte contre le charan\u00e7on rouge des palmiers en Isra\u00ebl et au Moyen-Orient\u00bb<\/strong> <strong>2. Compte-rendu des r\u00e9unions du r\u00e9seau 3. Revue de presse<\/strong><\/p>\n\n\n\n<p><strong>1. Bordighera &#8211; Monaco 2015: Conf\u00e9rences de Victoria Soroker (Volcani Center &#8211; Israel: European Project Palm Protect) \u00ab 15 ans de lutte contre le charan\u00e7on rouge des palmiers en Isra\u00ebl et au Moyen-Orient \u00bb<\/strong>. Victoria Soroker a pr\u00e9sent\u00e9 \u00e0 notre invitation, les principes de base de la lutte int\u00e9gr\u00e9e lors de ces deux conf\u00e9rences qui se sont tenues de part et d\u2019autre de la fronti\u00e8re de la Riviera franco-italienne, \u00e0 Bordighera et \u00e0 Monaco. Aucune technique de lutte n\u2019\u00e9tant actuellement en mesure aujourd\u2019hui, \u00e0 elle seule, de mettre fin \u00e0 l\u2019infestation, la lutte int\u00e9gr\u00e9e consiste \u00e0 associer ces techniques en fonction des contextes et de les \u00e9valuer en r\u00e9seau. <strong>Lire le compte-rendu:&nbsp;<\/strong><a href=\"http:\/\/www.listephoenix.com\/wp-content\/uploads\/2015\/06\/CR-CONF-MONACO-2015-FR.pdf\" target=\"_blank\" rel=\"noreferrer noopener\">CR-CONF-MONACO-2015-FR.pdf<\/a><\/p>\n\n\n\n<p><strong>2.Compte-rendu des r\u00e9unions du r\u00e9seau<\/strong><\/p>\n\n\n\n<p><strong>Vintimille 28 novembre : mobilisation internationale contre le ravageur. <\/strong>Organis\u00e9e sous le patronage de la Ville de Vintimille, cette r\u00e9union a vu la participation du Collectif M\u00e9diterran\u00e9en pour la Sauvegarde des Palmiers pour la France, du Sportello dei Diritti et de Sanremo Attiva pour l\u2019Italie. Les intervenants ont d\u00e9nonc\u00e9 le refus syst\u00e9matique des Municipalit\u00e9s de Bordighera et Sanremo de mettre en application la strat\u00e9gie de lutte obligatoire. Plus de 1500 palmiers ont ainsi \u00e9t\u00e9 abattus \u00e0 ce jour, pour un montant \u00e0 charge de la collectivit\u00e9 qui avoisine le million d\u2019euros. Cette gabegie financi\u00e8re a \u00e9t\u00e9 plus particuli\u00e8rement illustr\u00e9e par le cas du Jardin Historique Winter de Bordighera, lequel a b\u00e9n\u00e9fici\u00e9 d\u2019une subvention europ\u00e9enne de 200 000 euros pour sa r\u00e9habilitation sans qu\u2019aucune mesure de lutte n\u2019ait \u00e9t\u00e9 prise. En contraste avec l\u2019amateurisme local, les intervenants ont oppos\u00e9 les initiatives actuellement en cours dans de nombreuses communes fran\u00e7aises, depuis l\u2019autorisation l\u2019an dernier de la technique d\u2019injection \u00e0 persistance longue dite \u00ab strat\u00e9gie 3 \u00bb. Les repr\u00e9sentants de plusieurs des communes concern\u00e9es ont notamment fait \u00e9tat du projet de chantier d\u2019\u00e9radication qu\u2019ils souhaitent voir se g\u00e9n\u00e9raliser prochainement. Le risque de voir cette situation se r\u00e9p\u00e9ter prochainement a aussi \u00e9t\u00e9 \u00e9voqu\u00e9, avec l\u2019infestation actuelle des oliviers \u00e0 propos de laquelle les m\u00eames erreurs sont en train d\u2019\u00eatre reproduites.<\/p>\n\n\n\n<p><strong>Bordighera 10 d\u00e9cembre : la strat\u00e9gie de gestion \u00e9cosyt\u00e9mique du jardin Exp\u00e9rimental Phoenix.<\/strong> Les associations locales se sont plus particuli\u00e8rement mobilis\u00e9es pour la d\u00e9fense de la palmeraie historique de Bordighera, au cours de cette r\u00e9union consacr\u00e9e aux initiatives mises en \u0153uvre dans le cadre du Projet Phoenix, sous la direction scientifique de Jean Christophe Pintaud r\u00e9cemment d\u00e9c\u00e9d\u00e9. Le dernier article de ce chercheur de premier plan \u00e9tait en effet consacr\u00e9 \u00e0 la lutte contre le ravageur des palmiers, \u00e9labor\u00e9e \u00e0 Bordighera depuis deux ans, dans le Jardin Exp\u00e9rimental Phoenix qu\u2019il supervisait. La lutte pr\u00e9conis\u00e9e repose sur deux des piliers de la lutte int\u00e9gr\u00e9e : une gestion \u00e9cologique des plantations associ\u00e9e \u00e0 des traitements pr\u00e9ventifs \u00e0 base de n\u00e9matodes. Robert Castellana, qui g\u00e8re ce jardin historique, a \u00e9voqu\u00e9 \u00e0 ce propos le changement de paradigme li\u00e9 \u00e0 l\u2019infestation en cours des palmiers dattiers. Les deux autres piliers de la lutte int\u00e9gr\u00e9e, le pi\u00e9geage et l\u2019injection pourraient ainsi \u00eatre mis en \u0153uvre dans les ann\u00e9es \u00e0 venir. Pour le moment, environ 700 palmiers dattiers font l\u2019objet d\u2019une surveillance r\u00e9guli\u00e8re destin\u00e9e \u00e0 \u00e9tablir une statistique de la progression \u00e0 venir de l\u2019infestation. Sur les deux derni\u00e8res ann\u00e9es, le pourcentage de palmiers infest\u00e9s se monte \u00e0 1% de l\u2019\u00e9chantillon observ\u00e9.<\/p>\n\n\n\n<p><strong>3. Revue de presse<\/strong> <strong>2015<\/strong><\/p>\n\n\n\n<p><strong>Compte-rendu des conf\u00e9rences \u00e0 Bordighera&nbsp;<\/strong><\/p>\n\n\n\n<p>*Da Israele a Bordighera per parlare di punteruolo rosso:&nbsp;<a href=\"http:\/\/www.riviera24.it\/2015\/12\/da-israele-a-bordighera-per-parlare-di-punteruolo-rosso-210617\/\" target=\"_blank\" rel=\"noreferrer noopener\">hwww.riviera24.it\/2015\/<\/a><\/p>\n\n\n\n<p><a href=\"https:\/\/mediasetinfinity.mediaset.it\/video\/striscialanotizia\/emergenza-punteruolo-rosso_FD00000000169803\" target=\"_blank\" rel=\"noreferrer noopener\">Emergenza punteruolo rosso &#8211; Striscia la notizia Video | Mediaset Infinity<\/a><\/p>\n\n\n\n<p><strong>Retour au sommaire&nbsp;: <\/strong><a href=\"http:\/\/www.listephoenix.com\/?page_id=7469\">menaces<\/a><\/p>\n\n\n\n<p><strong>Lire la suite: <\/strong>Recueil de donn\u00e9es relatives au transfert en cours du ravageur des palmiers,&nbsp;<em>Rhynchophorus ferrugineus<\/em>, en direction de nouveaux h\u00f4tes \u00e0 Bordighera (Italie). <a href=\"http:\/\/www.listephoenix.com\/?page_id=9990\"><strong>Lien<\/strong><\/a><\/p>\n","protected":false},"excerpt":{"rendered":"<p>CRP 2015-2024. Historique de la lutte int\u00e9gr\u00e9e (integrated pest management = IPM) contre les ravageurs des palmiers rhynchophorus ferrugineus &amp; paysandisia archon (french &amp; italian&#8230;<\/p>\n<div class=\"more-link-wrapper\"><a class=\"more-link\" href=\"http:\/\/www.listephoenix.com\/?page_id=9990\">Continue reading<span class=\"screen-reader-text\">7.Riviera Gardens<\/span><\/a><\/div>\n","protected":false},"author":2,"featured_media":0,"parent":7469,"menu_order":1,"comment_status":"closed","ping_status":"closed","template":"","meta":{"footnotes":""},"class_list":["post-9990","page","type-page","status-publish","hentry","entry"],"_links":{"self":[{"href":"http:\/\/www.listephoenix.com\/index.php?rest_route=\/wp\/v2\/pages\/9990","targetHints":{"allow":["GET"]}}],"collection":[{"href":"http:\/\/www.listephoenix.com\/index.php?rest_route=\/wp\/v2\/pages"}],"about":[{"href":"http:\/\/www.listephoenix.com\/index.php?rest_route=\/wp\/v2\/types\/page"}],"author":[{"embeddable":true,"href":"http:\/\/www.listephoenix.com\/index.php?rest_route=\/wp\/v2\/users\/2"}],"replies":[{"embeddable":true,"href":"http:\/\/www.listephoenix.com\/index.php?rest_route=%2Fwp%2Fv2%2Fcomments&post=9990"}],"version-history":[{"count":119,"href":"http:\/\/www.listephoenix.com\/index.php?rest_route=\/wp\/v2\/pages\/9990\/revisions"}],"predecessor-version":[{"id":13368,"href":"http:\/\/www.listephoenix.com\/index.php?rest_route=\/wp\/v2\/pages\/9990\/revisions\/13368"}],"up":[{"embeddable":true,"href":"http:\/\/www.listephoenix.com\/index.php?rest_route=\/wp\/v2\/pages\/7469"}],"wp:attachment":[{"href":"http:\/\/www.listephoenix.com\/index.php?rest_route=%2Fwp%2Fv2%2Fmedia&parent=9990"}],"curies":[{"name":"wp","href":"https:\/\/api.w.org\/{rel}","templated":true}]}}